{"id":1052,"date":"2020-12-28T21:31:57","date_gmt":"2020-12-28T21:31:57","guid":{"rendered":"https:\/\/www.daniel-laba.it\/Wordpress\/?page_id=1052"},"modified":"2021-08-26T08:05:55","modified_gmt":"2021-08-26T08:05:55","slug":"recenzje","status":"publish","type":"page","link":"https:\/\/triathlonolesnica.pl\/new_site\/recenzje\/","title":{"rendered":"Recenzje"},"content":{"rendered":"\t\t<div data-elementor-type=\"wp-page\" data-elementor-id=\"1052\" class=\"elementor elementor-1052\">\n\t\t\t\t\t\t<div class=\"elementor-inner\">\n\t\t\t\t<div class=\"elementor-section-wrap\">\n\t\t\t\t\t\t\t\t\t<section class=\"elementor-section elementor-top-section elementor-element elementor-element-b4ca272 elementor-section-boxed elementor-section-height-default elementor-section-height-default\" data-id=\"b4ca272\" data-element_type=\"section\">\n\t\t\t\t\t\t<div class=\"elementor-container elementor-column-gap-default\">\n\t\t\t\t\t\t\t<div class=\"elementor-row\">\n\t\t\t\t\t<div class=\"elementor-column elementor-col-100 elementor-top-column elementor-element elementor-element-1a47ad9\" data-id=\"1a47ad9\" data-element_type=\"column\">\n\t\t\t<div class=\"elementor-column-wrap elementor-element-populated\">\n\t\t\t\t\t\t\t<div class=\"elementor-widget-wrap\">\n\t\t\t\t\t\t<div class=\"elementor-element elementor-element-8ec9f45 elementor-widget elementor-widget-text-editor\" data-id=\"8ec9f45\" data-element_type=\"widget\" data-widget_type=\"text-editor.default\">\n\t\t\t\t<div class=\"elementor-widget-container\">\n\t\t\t\t\t\t\t\t<div class=\"elementor-text-editor elementor-clearfix\">\n\t\t\t\t<p class=\"p1\">&#8222;Zawsze lubi\u0142em sport, od paru lat \u0107wicz\u0119 na si\u0142owni, biegam, p\u0142ywam je\u017cd\u017c\u0119 rowerem.<br \/>Do OGT do\u0142\u0105czy\u0142em stosunkowo niedawno, ale z moich obserwacji widz\u0119 potencja\u0142 i mo\u017cliwo\u015b\u0107 rozwijania swoich umiej\u0119tno\u015bci, poprawy wynik\u00f3w i stawiania sobie coraz wy\u017cszych cel\u00f3w.<br \/>Dodatkowo super zgrana ekipa, kt\u00f3ra r\u00f3wnie\u017c daje du\u017co wsparcia i motywuje do dzia\u0142ania.<br \/>Na razie w OGT sprawdzi\u0142em si\u0119 w duathlonach, ale licz\u0119 ze w tym sezonie b\u0119d\u0119 mia\u0142 mo\u017cliwo\u015b\u0107 sprawdzi\u0107 si\u0119 na jakim\u015b dystansie w triathlonie.&#8221;<\/p><p><strong>Marcin Szelerski<\/strong><\/p>\t\t\t\t\t<\/div>\n\t\t\t\t\t\t<\/div>\n\t\t\t\t<\/div>\n\t\t\t\t<div class=\"elementor-element elementor-element-18ff2b1 elementor-widget elementor-widget-spacer\" data-id=\"18ff2b1\" data-element_type=\"widget\" data-widget_type=\"spacer.default\">\n\t\t\t\t<div class=\"elementor-widget-container\">\n\t\t\t\t\t<div class=\"elementor-spacer\">\n\t\t\t<div class=\"elementor-spacer-inner\"><\/div>\n\t\t<\/div>\n\t\t\t\t<\/div>\n\t\t\t\t<\/div>\n\t\t\t\t<div class=\"elementor-element elementor-element-42aee87 elementor-widget elementor-widget-text-editor\" data-id=\"42aee87\" data-element_type=\"widget\" data-widget_type=\"text-editor.default\">\n\t\t\t\t<div class=\"elementor-widget-container\">\n\t\t\t\t\t\t\t\t<div class=\"elementor-text-editor elementor-clearfix\">\n\t\t\t\t<p class=\"p1\"><span class=\"s1\">&#8222;Dlaczego jestem w OGT?<br \/><\/span><span class=\"s1\">Nowe wyzwania, <\/span><span class=\"s1\">aktywno\u015b\u0107 fizyczna, <\/span><span class=\"s1\">nowe znajomo\u015bci, <\/span><span class=\"s1\">wsp\u00f3lne cele, <\/span><span class=\"s1\">integracja, <\/span><span class=\"s1\">rozw\u00f3j, <\/span><span class=\"s1\">zabawa.<\/span><\/p><p class=\"p3\">Co zrobi\u0142em dla siebie w OGT?<br \/>Otrzyma\u0142em mo\u017cliwo\u015b\u0107 szkolenia si\u0119, pog\u0142\u0119bienia wiedzy w dziedzinie zdrowego trybu \u017cycia, mo\u017cliwo\u015b\u0107\u00a0tworzenia i uczestnictwa w projektach sportowo spo\u0142eczno\u015bciowych&#8221;<\/p><p class=\"p3\"><strong>Piotr Szelerski<\/strong><\/p>\t\t\t\t\t<\/div>\n\t\t\t\t\t\t<\/div>\n\t\t\t\t<\/div>\n\t\t\t\t<div class=\"elementor-element elementor-element-5417caa elementor-widget elementor-widget-spacer\" data-id=\"5417caa\" data-element_type=\"widget\" data-widget_type=\"spacer.default\">\n\t\t\t\t<div class=\"elementor-widget-container\">\n\t\t\t\t\t<div class=\"elementor-spacer\">\n\t\t\t<div class=\"elementor-spacer-inner\"><\/div>\n\t\t<\/div>\n\t\t\t\t<\/div>\n\t\t\t\t<\/div>\n\t\t\t\t<div class=\"elementor-element elementor-element-2def088 elementor-widget elementor-widget-text-editor\" data-id=\"2def088\" data-element_type=\"widget\" data-widget_type=\"text-editor.default\">\n\t\t\t\t<div class=\"elementor-widget-container\">\n\t\t\t\t\t\t\t\t<div class=\"elementor-text-editor elementor-clearfix\">\n\t\t\t\t<p class=\"p1\">&#8222;Trafi\u0142em do OGT w 2017. Jestem w grupie ju\u017c 3 lata, i na razie nie zanosi si\u0119 na zmiany.<\/p><p>Pasuje mi to \u017ce nie ma presji wynik\u00f3w, chyba \u017ce kto\u015b sobie to sam postawi za priorytet. Mam tu stabilizacj\u0119 ( opieka trenerska, wsparcie koleg\u00f3w z grupy, dobra kole\u017ce\u0144ska atmosfera ). Du\u017co osi\u0105gn\u0105\u0142em sportowo sam dla siebie, udowodni\u0142em, \u017ce mimo wieku nie ma barier. Co wi\u0119cej pewnie mo\u017cna zosta\u0107 Mistrzem Polski a nawet \u015awiata ale po MP Malbork troch\u0119 zmieni\u0142em sw\u00f3j \u015bwiatopogl\u0105d, mo\u017cna ale nie trzeba. I to w\u0142a\u015bnie zrozumia\u0142em dzi\u0119ki temu \u017ce jestem w OGT, patrz\u0105c na innych wiem,<span class=\"Apple-converted-space\">\u00a0 <\/span>\u017ce mo\u017cna te\u017c trenowa\u0107 i bawi\u0107 si\u0119 triathlonem, co nie eliminuje start\u00f3w w imprezach rangi MP marz\u0105c o jak najlepszym wyniku ale nic na si\u0142\u0119, fajnie jest pojecha\u0107 grup\u0105 na zawody, ubra\u0107 si\u0119 w klubowe ciuchy, wystartowa\u0107 razem, posiedzie\u0107 pod namiotem przy piwku, wtedy naprawd\u0119 cz\u0142owiek czuje \u017ce jest sens w tym co robimy dla siebie, swojego zdrowia i \u017cycia, no i dla naszych rodzin, kt\u00f3re tak naprawd\u0119 s\u0105 cz\u0119\u015bci\u0105 naszych wyjazd\u00f3w. Fajne jest to, \u017ce tak naprawd\u0119 OGT to jest taka ma\u0142a rodzinka i chcia\u0142bym \u017ceby tak zosta\u0142o.&#8221;<\/p><p class=\"p1\"><strong>Tomasz Kubicki<\/strong> 51 lat<\/p>\t\t\t\t\t<\/div>\n\t\t\t\t\t\t<\/div>\n\t\t\t\t<\/div>\n\t\t\t\t<div class=\"elementor-element elementor-element-e0c6f0c elementor-widget elementor-widget-spacer\" data-id=\"e0c6f0c\" data-element_type=\"widget\" data-widget_type=\"spacer.default\">\n\t\t\t\t<div class=\"elementor-widget-container\">\n\t\t\t\t\t<div class=\"elementor-spacer\">\n\t\t\t<div class=\"elementor-spacer-inner\"><\/div>\n\t\t<\/div>\n\t\t\t\t<\/div>\n\t\t\t\t<\/div>\n\t\t\t\t<div class=\"elementor-element elementor-element-68f38bb elementor-widget elementor-widget-text-editor\" data-id=\"68f38bb\" data-element_type=\"widget\" data-widget_type=\"text-editor.default\">\n\t\t\t\t<div class=\"elementor-widget-container\">\n\t\t\t\t\t\t\t\t<div class=\"elementor-text-editor elementor-clearfix\">\n\t\t\t\t<p class=\"p1\">&#8222;Jestem w OGT ze wzgl\u0119du na atmosfer\u0119 i ci\u0105g\u0142y rozw\u00f3j siebie oraz przesuwania swoich granic.<br \/>Dzi\u0119ki OGT odnalaz\u0142em cel, do kt\u00f3rego chc\u0119 d\u0105\u017cy\u0107, i wiem, w kt\u00f3r\u0105 stron\u0119 chc\u0119 i\u015b\u0107 przez najbli\u017csze lata.&#8221;<\/p><p class=\"p1\"><strong>Wiktor Twardowski <\/strong>18 lat<\/p>\t\t\t\t\t<\/div>\n\t\t\t\t\t\t<\/div>\n\t\t\t\t<\/div>\n\t\t\t\t<div class=\"elementor-element elementor-element-829eee2 elementor-widget elementor-widget-spacer\" data-id=\"829eee2\" data-element_type=\"widget\" data-widget_type=\"spacer.default\">\n\t\t\t\t<div class=\"elementor-widget-container\">\n\t\t\t\t\t<div class=\"elementor-spacer\">\n\t\t\t<div class=\"elementor-spacer-inner\"><\/div>\n\t\t<\/div>\n\t\t\t\t<\/div>\n\t\t\t\t<\/div>\n\t\t\t\t<div class=\"elementor-element elementor-element-ee15aff elementor-widget elementor-widget-text-editor\" data-id=\"ee15aff\" data-element_type=\"widget\" data-widget_type=\"text-editor.default\">\n\t\t\t\t<div class=\"elementor-widget-container\">\n\t\t\t\t\t\t\t\t<div class=\"elementor-text-editor elementor-clearfix\">\n\t\t\t\t<p class=\"p1\">&#8222;Sportem interesuj\u0119 si\u0119 od d\u0142u\u017cszego czasu. Zacz\u0119\u0142o si\u0119 od rekreacyjnego p\u0142ywania, biegania i sporadycznej jazdy na rowerze. Z czasem zacz\u0119\u0142am testowa\u0107 w\u0142asne mo\u017cliwo\u015bci i stawia\u0107 przed sob\u0105 nowe wyzwania, a sport sta\u0142 si\u0119 moj\u0105 pasj\u0105. I tak postanowi\u0142am spr\u00f3bowa\u0107 swoich si\u0142 w triathlonie.<\/p><p class=\"p1\">Najwi\u0119kszym wyzwaniem by\u0142o p\u0142ywanie, lecz dzi\u0119ki pracy trenera pokona\u0142am l\u0119ki, zwi\u0119kszy\u0142a si\u0119 moja wytrzyma\u0142o\u015b\u0107, oraz przyswoi\u0142am prawid\u0142owa technik\u0119.<\/p><p class=\"p1\">Profesjonalnie przygotowane, zr\u00f3\u017cnicowane i modyfikowane wed\u0142ug potrzeb plany treningowe, ci\u0105gle wzmacniaj\u0105 moje cia\u0142o, poprawiaj\u0105 kondycj\u0119 oraz osi\u0105gane wyniki.<\/p><p class=\"p1\">Ponadto grup\u0119 OGT tworzy fajna paczka, pozytywnie nastawionych i pomocnych ludzi.<\/p><p class=\"p1\">Dzi\u0119ki OGT walcz\u0119 ze swoimi s\u0142abo\u015bciami i pokonuje kolejne bariery, kt\u00f3re jeszcze niedawno by\u0142y dla mnie nie do osi\u0105gni\u0119cia.&#8221;<\/p><p class=\"p1\"><strong>Katarzyna Szarek<\/strong><\/p>\t\t\t\t\t<\/div>\n\t\t\t\t\t\t<\/div>\n\t\t\t\t<\/div>\n\t\t\t\t\t\t<\/div>\n\t\t\t\t\t<\/div>\n\t\t<\/div>\n\t\t\t\t\t\t\t\t<\/div>\n\t\t\t\t\t<\/div>\n\t\t<\/section>\n\t\t\t\t\t\t\t\t\t<\/div>\n\t\t\t<\/div>\n\t\t\t\t\t<\/div>\n\t\t","protected":false},"excerpt":{"rendered":"<p>&#8222;Zawsze lubi\u0142em sport, od paru lat \u0107wicz\u0119 na si\u0142owni, biegam, p\u0142ywam je\u017cd\u017c\u0119 rowerem.Do OGT do\u0142\u0105czy\u0142em stosunkowo niedawno, ale z moich obserwacji widz\u0119 potencja\u0142 i mo\u017cliwo\u015b\u0107 rozwijania swoich umiej\u0119tno\u015bci, poprawy wynik\u00f3w<\/p>\n<p class=\"more-link\"><a href=\"https:\/\/triathlonolesnica.pl\/new_site\/recenzje\/\" class=\"readmore\">Czytaj dalej&#8230;<span class=\"screen-reader-text\">Recenzje<\/span><\/a><\/p>\n","protected":false},"author":1,"featured_media":0,"parent":0,"menu_order":0,"comment_status":"closed","ping_status":"closed","template":"","meta":[],"_links":{"self":[{"href":"https:\/\/triathlonolesnica.pl\/new_site\/wp-json\/wp\/v2\/pages\/1052"}],"collection":[{"href":"https:\/\/triathlonolesnica.pl\/new_site\/wp-json\/wp\/v2\/pages"}],"about":[{"href":"https:\/\/triathlonolesnica.pl\/new_site\/wp-json\/wp\/v2\/types\/page"}],"author":[{"embeddable":true,"href":"https:\/\/triathlonolesnica.pl\/new_site\/wp-json\/wp\/v2\/users\/1"}],"replies":[{"embeddable":true,"href":"https:\/\/triathlonolesnica.pl\/new_site\/wp-json\/wp\/v2\/comments?post=1052"}],"version-history":[{"count":15,"href":"https:\/\/triathlonolesnica.pl\/new_site\/wp-json\/wp\/v2\/pages\/1052\/revisions"}],"predecessor-version":[{"id":6470,"href":"https:\/\/triathlonolesnica.pl\/new_site\/wp-json\/wp\/v2\/pages\/1052\/revisions\/6470"}],"wp:attachment":[{"href":"https:\/\/triathlonolesnica.pl\/new_site\/wp-json\/wp\/v2\/media?parent=1052"}],"curies":[{"name":"wp","href":"https:\/\/api.w.org\/{rel}","templated":true}]}}